{"id":1813,"date":"2024-04-21T16:29:42","date_gmt":"2024-04-21T16:29:42","guid":{"rendered":"http:\/\/www.lemu.at\/?page_id=1813"},"modified":"2024-04-21T16:41:10","modified_gmt":"2024-04-21T16:41:10","slug":"keramik-eduard-klablena","status":"publish","type":"page","link":"https:\/\/www.lemu.at\/?page_id=1813","title":{"rendered":"Keramik Eduard Klablena"},"content":{"rendered":"\t\t<div data-elementor-type=\"wp-page\" data-elementor-id=\"1813\" class=\"elementor elementor-1813\">\n\t\t\t\t\t\t\t<div class=\"elementor-element elementor-element-f67314e e-con-full e-flex e-con e-parent\" data-id=\"f67314e\" data-element_type=\"container\" data-settings=\"{&quot;content_width&quot;:&quot;full&quot;,&quot;background_background&quot;:&quot;slideshow&quot;,&quot;background_slideshow_gallery&quot;:[{&quot;id&quot;:749,&quot;url&quot;:&quot;https:\\\/\\\/www.lemu.at\\\/wp-content\\\/uploads\\\/2024\\\/01\\\/4_Charoux-scaled.jpg&quot;},{&quot;id&quot;:750,&quot;url&quot;:&quot;https:\\\/\\\/www.lemu.at\\\/wp-content\\\/uploads\\\/2024\\\/01\\\/6_-Charoux-Junge-Menschen-scaled.jpg&quot;},{&quot;id&quot;:751,&quot;url&quot;:&quot;https:\\\/\\\/www.lemu.at\\\/wp-content\\\/uploads\\\/2024\\\/01\\\/LEMU_Aussenansicht_Foto-schultzschultz-scaled.jpg&quot;}],&quot;background_slideshow_loop&quot;:&quot;yes&quot;,&quot;background_slideshow_slide_duration&quot;:5000,&quot;background_slideshow_slide_transition&quot;:&quot;fade&quot;,&quot;background_slideshow_transition_duration&quot;:500}\" data-core-v316-plus=\"true\">\n\t\t\t\t<div class=\"elementor-element elementor-element-7b8397be elementor-widget elementor-widget-heading\" data-id=\"7b8397be\" data-element_type=\"widget\" data-widget_type=\"heading.default\">\n\t\t\t\t<div class=\"elementor-widget-container\">\n\t\t\t<style>\/*! elementor - v3.16.0 - 20-09-2023 *\/\n.elementor-heading-title{padding:0;margin:0;line-height:1}.elementor-widget-heading .elementor-heading-title[class*=elementor-size-]>a{color:inherit;font-size:inherit;line-height:inherit}.elementor-widget-heading .elementor-heading-title.elementor-size-small{font-size:15px}.elementor-widget-heading .elementor-heading-title.elementor-size-medium{font-size:19px}.elementor-widget-heading .elementor-heading-title.elementor-size-large{font-size:29px}.elementor-widget-heading .elementor-heading-title.elementor-size-xl{font-size:39px}.elementor-widget-heading .elementor-heading-title.elementor-size-xxl{font-size:59px}<\/style><h1 class=\"elementor-heading-title elementor-size-default\">KERAMIK | EDUARD KLABLENA<\/h1>\t\t<\/div>\n\t\t\t\t<\/div>\n\t\t\t\t<div class=\"elementor-element elementor-element-68e9b1e9 elementor-widget elementor-widget-spacer\" data-id=\"68e9b1e9\" data-element_type=\"widget\" data-widget_type=\"spacer.default\">\n\t\t\t\t<div class=\"elementor-widget-container\">\n\t\t\t<style>\/*! elementor - v3.16.0 - 20-09-2023 *\/\n.elementor-column .elementor-spacer-inner{height:var(--spacer-size)}.e-con{--container-widget-width:100%}.e-con-inner>.elementor-widget-spacer,.e-con>.elementor-widget-spacer{width:var(--container-widget-width,var(--spacer-size));--align-self:var(--container-widget-align-self,initial);--flex-shrink:0}.e-con-inner>.elementor-widget-spacer>.elementor-widget-container,.e-con>.elementor-widget-spacer>.elementor-widget-container{height:100%;width:100%}.e-con-inner>.elementor-widget-spacer>.elementor-widget-container>.elementor-spacer,.e-con>.elementor-widget-spacer>.elementor-widget-container>.elementor-spacer{height:100%}.e-con-inner>.elementor-widget-spacer>.elementor-widget-container>.elementor-spacer>.elementor-spacer-inner,.e-con>.elementor-widget-spacer>.elementor-widget-container>.elementor-spacer>.elementor-spacer-inner{height:var(--container-widget-height,var(--spacer-size))}.e-con-inner>.elementor-widget-spacer.elementor-widget-empty,.e-con>.elementor-widget-spacer.elementor-widget-empty{position:relative;min-height:22px;min-width:22px}.e-con-inner>.elementor-widget-spacer.elementor-widget-empty .elementor-widget-empty-icon,.e-con>.elementor-widget-spacer.elementor-widget-empty .elementor-widget-empty-icon{position:absolute;top:0;bottom:0;left:0;right:0;margin:auto;padding:0;width:22px;height:22px}<\/style>\t\t<div class=\"elementor-spacer\">\n\t\t\t<div class=\"elementor-spacer-inner\"><\/div>\n\t\t<\/div>\n\t\t\t\t<\/div>\n\t\t\t\t<\/div>\n\t\t\t\t<\/div>\n\t\t<div class=\"elementor-element elementor-element-63370243 e-flex e-con-boxed e-con e-parent\" data-id=\"63370243\" data-element_type=\"container\" data-settings=\"{&quot;background_background&quot;:&quot;gradient&quot;,&quot;content_width&quot;:&quot;boxed&quot;}\" data-core-v316-plus=\"true\">\n\t\t\t\t\t<div class=\"e-con-inner\">\n\t\t<div class=\"elementor-element elementor-element-73be3a6b e-con-full e-flex e-con e-child\" data-id=\"73be3a6b\" data-element_type=\"container\" data-settings=\"{&quot;background_background&quot;:&quot;classic&quot;,&quot;content_width&quot;:&quot;full&quot;}\">\n\t\t\t\t<div class=\"elementor-element elementor-element-7348444a elementor-widget elementor-widget-heading\" data-id=\"7348444a\" data-element_type=\"widget\" data-widget_type=\"heading.default\">\n\t\t\t\t<div class=\"elementor-widget-container\">\n\t\t\t<h1 class=\"elementor-heading-title elementor-size-default\">1881 - 1933<\/h1>\t\t<\/div>\n\t\t\t\t<\/div>\n\t\t\t\t<\/div>\n\t\t<div class=\"elementor-element elementor-element-3b419757 e-con-full e-flex e-con e-child\" data-id=\"3b419757\" data-element_type=\"container\" data-settings=\"{&quot;background_background&quot;:&quot;classic&quot;,&quot;content_width&quot;:&quot;full&quot;}\">\n\t\t\t\t<div class=\"elementor-element elementor-element-71f3da5a elementor-widget__width-initial elementor-widget elementor-widget-text-editor\" data-id=\"71f3da5a\" data-element_type=\"widget\" data-widget_type=\"text-editor.default\">\n\t\t\t\t<div class=\"elementor-widget-container\">\n\t\t\t<style>\/*! elementor - v3.16.0 - 20-09-2023 *\/\n.elementor-widget-text-editor.elementor-drop-cap-view-stacked .elementor-drop-cap{background-color:#69727d;color:#fff}.elementor-widget-text-editor.elementor-drop-cap-view-framed .elementor-drop-cap{color:#69727d;border:3px solid;background-color:transparent}.elementor-widget-text-editor:not(.elementor-drop-cap-view-default) .elementor-drop-cap{margin-top:8px}.elementor-widget-text-editor:not(.elementor-drop-cap-view-default) .elementor-drop-cap-letter{width:1em;height:1em}.elementor-widget-text-editor .elementor-drop-cap{float:left;text-align:center;line-height:1;font-size:50px}.elementor-widget-text-editor .elementor-drop-cap-letter{display:inline-block}<\/style>\t\t\t\t<p>ein wichtiger Vertreter der Wiener Werkst\u00e4tte<\/p>\t\t\t\t\t\t<\/div>\n\t\t\t\t<\/div>\n\t\t\t\t<\/div>\n\t\t\t\t\t<\/div>\n\t\t\t\t<\/div>\n\t\t<div class=\"elementor-element elementor-element-241223ff e-flex e-con-boxed e-con e-parent\" data-id=\"241223ff\" data-element_type=\"container\" data-settings=\"{&quot;background_background&quot;:&quot;classic&quot;,&quot;content_width&quot;:&quot;boxed&quot;}\" data-core-v316-plus=\"true\">\n\t\t\t\t\t<div class=\"e-con-inner\">\n\t\t\t\t<div class=\"elementor-element elementor-element-647c1b32 elementor-widget elementor-widget-spacer\" data-id=\"647c1b32\" data-element_type=\"widget\" data-widget_type=\"spacer.default\">\n\t\t\t\t<div class=\"elementor-widget-container\">\n\t\t\t\t\t<div class=\"elementor-spacer\">\n\t\t\t<div class=\"elementor-spacer-inner\"><\/div>\n\t\t<\/div>\n\t\t\t\t<\/div>\n\t\t\t\t<\/div>\n\t\t\t\t\t<\/div>\n\t\t\t\t<\/div>\n\t\t<div class=\"elementor-element elementor-element-341d7228 e-flex e-con-boxed e-con e-parent\" data-id=\"341d7228\" data-element_type=\"container\" data-settings=\"{&quot;background_background&quot;:&quot;gradient&quot;,&quot;content_width&quot;:&quot;boxed&quot;}\" data-core-v316-plus=\"true\">\n\t\t\t\t\t<div class=\"e-con-inner\">\n\t\t<div class=\"elementor-element elementor-element-6840b030 e-flex e-con-boxed e-con e-child\" data-id=\"6840b030\" data-element_type=\"container\" data-settings=\"{&quot;background_background&quot;:&quot;classic&quot;,&quot;content_width&quot;:&quot;boxed&quot;}\">\n\t\t\t\t\t<div class=\"e-con-inner\">\n\t\t\t\t<div class=\"elementor-element elementor-element-6ebc88a9 ekit-equal-height-disable elementor-widget elementor-widget-elementskit-image-box\" data-id=\"6ebc88a9\" data-element_type=\"widget\" data-widget_type=\"elementskit-image-box.default\">\n\t\t\t\t<div class=\"elementor-widget-container\">\n\t\t\t<div class=\"ekit-wid-con\" >\n            <div class=\"elementskit-info-image-box ekit-image-box text-left simple-card\" >\n\n                \n                <div class=\"elementskit-box-header image-box-img-left\">\n\n                    \n                <\/div>\n                \n                <div class=\"elementskit-box-body ekit-image-box-body\">\n                    <div class=\"elementskit-box-content ekit-image-box-body-inner\">\n                                                <h3 class=\"elementskit-info-box-title\">\n\n                        Bedeutung\n                        \n                    <\/h3>\n                                                            <div class=\"elementskit-box-style-content\">\n                        Eduard Klablena gilt als wichtiger Vertreter der Wiener Werkst\u00e4tte und wurde 1881 in Bu\u010dany, Komitat Neutra (heute Slowakei), geboren. 1883 \u00fcbersiedelte die Familie nach Langenzersdorf.<br><br>Nach dem Studium an der Wiener Kunstgewerbeschule arbeitete Klablena in \u00d6sterreich und Deutschland und war Mitglied des Deutschen Werkbundes. 1909\/10 schuf er Modelle f\u00fcr die K\u00f6nigliche Porzellanmanufaktur Berlin. 1911 kehrte Klablena f\u00fcr immer nach \u00d6sterreich zur\u00fcck und gr\u00fcndete in Langenzersdorf eine eigene Werkst\u00e4tte. Ab 1911 nahm Klablena regelm\u00e4\u00dfig an Ausstellungen des \u00d6sterreichischen Museums f\u00fcr Kunst und Industrie (heute MAK \u2013 \u00d6sterreichisches Museum f\u00fcr angewandte Kunst \/ Gegenwartskunst) teil, wo er Tierfiguren, \u201eModedamen\u201c und Gef\u00e4\u00dfkeramik zeigte. Der Erfolg seiner ersten Ausstellung im \u00d6sterreichischen Museum gipfelte in der \u00dcbernahme von 120 Modellen Klablenas durch die Wiener Werkst\u00e4tte. Klablena zeigte seine Werke auf bedeutenden Ausstellungen im In- und Ausland und exportierte sie ab 1915 in die ganze Welt.<br><br>In den 1920er-Jahren verkaufte Klablena einen gro\u00dfen Teil seiner Tiermodelle an die Keramikfirma Keramos. Die Sakristei der Pfarrkirche St. Katharina in Langenzersdorf stattete Klablena mit einer Stuckdecke aus. <br><br>Eduard Klablena verstarb 1933 an den Sp\u00e4tfolgen eines im Ersten Weltkrieg erlittenen Lungenleidens, sein Ehrengrab befindet sich auf dem Langenzersdorfer Friedhof.                    <\/div>\n                                    <\/div>\n\n                            <\/div>\n            <\/div>\n    <\/div>\t\t<\/div>\n\t\t\t\t<\/div>\n\t\t\t\t\t<\/div>\n\t\t\t\t<\/div>\n\t\t\t\t\t<\/div>\n\t\t\t\t<\/div>\n\t\t<div class=\"elementor-element elementor-element-3918e805 e-flex e-con-boxed e-con e-parent\" data-id=\"3918e805\" data-element_type=\"container\" data-settings=\"{&quot;background_background&quot;:&quot;gradient&quot;,&quot;content_width&quot;:&quot;boxed&quot;}\" data-core-v316-plus=\"true\">\n\t\t\t\t\t<div class=\"e-con-inner\">\n\t\t<div class=\"elementor-element elementor-element-7dd154d0 e-flex e-con-boxed e-con e-child\" data-id=\"7dd154d0\" data-element_type=\"container\" data-settings=\"{&quot;background_background&quot;:&quot;classic&quot;,&quot;content_width&quot;:&quot;boxed&quot;}\">\n\t\t\t\t\t<div class=\"e-con-inner\">\n\t\t\t\t<div class=\"elementor-element elementor-element-5015181c elementor-widget elementor-widget-image\" data-id=\"5015181c\" data-element_type=\"widget\" data-widget_type=\"image.default\">\n\t\t\t\t<div class=\"elementor-widget-container\">\n\t\t\t<style>\/*! elementor - v3.16.0 - 20-09-2023 *\/\n.elementor-widget-image{text-align:center}.elementor-widget-image a{display:inline-block}.elementor-widget-image a img[src$=\".svg\"]{width:48px}.elementor-widget-image img{vertical-align:middle;display:inline-block}<\/style>\t\t\t\t\t\t\t\t\t\t\t\t<img decoding=\"async\" loading=\"lazy\" width=\"333\" height=\"500\" src=\"https:\/\/www.lemu.at\/wp-content\/uploads\/2024\/04\/keramik1.jpg\" class=\"attachment-full size-full wp-image-1828\" alt=\"\" srcset=\"https:\/\/www.lemu.at\/wp-content\/uploads\/2024\/04\/keramik1.jpg 333w, https:\/\/www.lemu.at\/wp-content\/uploads\/2024\/04\/keramik1-200x300.jpg 200w\" sizes=\"(max-width: 333px) 100vw, 333px\" \/>\t\t\t\t\t\t\t\t\t\t\t\t\t\t\t<\/div>\n\t\t\t\t<\/div>\n\t\t\t\t\t<\/div>\n\t\t\t\t<\/div>\n\t\t\t\t\t<\/div>\n\t\t\t\t<\/div>\n\t\t<div class=\"elementor-element elementor-element-3d83e4cb e-flex e-con-boxed e-con e-parent\" data-id=\"3d83e4cb\" data-element_type=\"container\" data-settings=\"{&quot;background_background&quot;:&quot;gradient&quot;,&quot;content_width&quot;:&quot;boxed&quot;}\" data-core-v316-plus=\"true\">\n\t\t\t\t\t<div class=\"e-con-inner\">\n\t\t<div class=\"elementor-element elementor-element-5a52de3c e-flex e-con-boxed e-con e-child\" data-id=\"5a52de3c\" data-element_type=\"container\" data-settings=\"{&quot;background_background&quot;:&quot;classic&quot;,&quot;content_width&quot;:&quot;boxed&quot;}\">\n\t\t\t\t\t<div class=\"e-con-inner\">\n\t\t\t\t<div class=\"elementor-element elementor-element-699e4de6 ekit-equal-height-disable elementor-widget elementor-widget-elementskit-image-box\" data-id=\"699e4de6\" data-element_type=\"widget\" data-widget_type=\"elementskit-image-box.default\">\n\t\t\t\t<div class=\"elementor-widget-container\">\n\t\t\t<div class=\"ekit-wid-con\" >\n            <div class=\"elementskit-info-image-box ekit-image-box text-left simple-card\" >\n\n                \n                <div class=\"elementskit-box-header image-box-img-left\">\n\n                    \n                <\/div>\n                \n                <div class=\"elementskit-box-body ekit-image-box-body\">\n                    <div class=\"elementskit-box-content ekit-image-box-body-inner\">\n                                                <h3 class=\"elementskit-info-box-title\">\n\n                        Ausstellung\n                        \n                    <\/h3>\n                                                            <div class=\"elementskit-box-style-content\">\n                        In der Dauerausstellung \u201eEduard Klablena und seine Zeit\u201c werden Tierfiguren, \u201eModedamen\u201c und Gef\u00e4\u00dfkeramik des K\u00fcnstlers aus der Sammlung des Museumsvereins Langenzersdorf gezeigt.<br><br>Bei seinen Tierdarstellungen interessiert Klablena vor allem die Wiedergabe des Wesens des jeweiligen Tiers und seiner spezifischen Verhaltensweisen. Bei den Kleidern seiner \u201eModedamen\u201c bezieht sich Klablena auf die weiche, flie\u00dfende Linie des Pariser Couturiers Paul Poiret, der 1910 die Abkehr vom Korsett proklamiert hatte und dessen Entw\u00fcrfe auch in Wien bekannt waren.<br><br>Insgesamt ist den keramischen Exponaten Klablenas die Tendenz zur Stilisierung, die Betonung der reduzierten, geschlossenen Form und ein subtiler Umgang mit Bemalung und Glasur gemeinsam.<br><br>Den Werken von Eduard Klablena werden fr\u00fche Arbeiten von Anton Hanak und Walter Gettel gegen\u00fcber gestellt.<br><br>Anton Hanak (1875-1934) modellierte um 1899 plastische Entw\u00fcrfe zu \u201eWiener Volkstypen\u201c und zu mythologischen Darstellungen f\u00fcr die Wiener Bronzemanufaktur Anton Lux. Da diese Entw\u00fcrfe Hanak ein Einkommen w\u00e4hrend seines Studiums an der Akademie der Bildenden K\u00fcnste erm\u00f6glichten, werden sie auch als \u201eBrotfiguren\u201c bezeichnet.<br><br>Walter Gettel (1900-1967), B\u00fcrgermeister und Vizeb\u00fcrgermeister von Langenzersdorf (1955-1960 und 1965-1967), besuchte von 1915\/16 bis 1917\/18 die Bildhauerklasse von Anton Hanak an der Wiener Kunstgewerbeschule. Nach Vollendung seines Studiums an der Wiener Akademie der Bildenden K\u00fcnste (Klasse Edmund von Hellmer) war er zun\u00e4chst als freischaffender K\u00fcnstler t\u00e4tig, sp\u00e4ter als Lehrer, Kunsterzieher und Fachinspektor. Er schuf Schnitzereien in Holz, Bein und Speckstein sowie Bronze- Plaketten, Aquarelle und Zeichnungen.<br><br>Wie viele Werke von Hanak-Sch\u00fclern haben auch die fr\u00fchen Arbeiten von Walter Gettel einen religi\u00f6sen Inhalt und beziehen ihre Motivik aus der Bibel sowie der christlichen Ikonographie. Oftmals l\u00e4dt Gettel die religi\u00f6s anmutenden Darstellungen, die mitunter an die Fassadenplastik gotischer Kathedralen erinnern, mit erotisch-frivolem Inhalt auf.                    <\/div>\n                                    <\/div>\n\n                            <\/div>\n            <\/div>\n    <\/div>\t\t<\/div>\n\t\t\t\t<\/div>\n\t\t\t\t\t<\/div>\n\t\t\t\t<\/div>\n\t\t\t\t\t<\/div>\n\t\t\t\t<\/div>\n\t\t<div class=\"elementor-element elementor-element-6f078699 e-flex e-con-boxed e-con e-parent\" data-id=\"6f078699\" data-element_type=\"container\" data-settings=\"{&quot;background_background&quot;:&quot;gradient&quot;,&quot;content_width&quot;:&quot;boxed&quot;}\" data-core-v316-plus=\"true\">\n\t\t\t\t\t<div class=\"e-con-inner\">\n\t\t\t\t<div class=\"elementor-element elementor-element-37a29932 elementor-widget elementor-widget-spacer\" data-id=\"37a29932\" data-element_type=\"widget\" data-widget_type=\"spacer.default\">\n\t\t\t\t<div class=\"elementor-widget-container\">\n\t\t\t\t\t<div class=\"elementor-spacer\">\n\t\t\t<div class=\"elementor-spacer-inner\"><\/div>\n\t\t<\/div>\n\t\t\t\t<\/div>\n\t\t\t\t<\/div>\n\t\t\t\t\t<\/div>\n\t\t\t\t<\/div>\n\t\t<div class=\"elementor-element elementor-element-195b54ab e-flex e-con-boxed e-con e-parent\" data-id=\"195b54ab\" data-element_type=\"container\" data-settings=\"{&quot;background_background&quot;:&quot;classic&quot;,&quot;content_width&quot;:&quot;boxed&quot;}\" data-core-v316-plus=\"true\">\n\t\t\t\t\t<div class=\"e-con-inner\">\n\t\t<div class=\"elementor-element elementor-element-e425b0c e-con-full e-flex e-con e-child\" data-id=\"e425b0c\" data-element_type=\"container\" data-settings=\"{&quot;content_width&quot;:&quot;full&quot;}\">\n\t\t\t\t<div class=\"elementor-element elementor-element-6f74f50e elementor-widget elementor-widget-text-editor\" data-id=\"6f74f50e\" data-element_type=\"widget\" data-widget_type=\"text-editor.default\">\n\t\t\t\t<div class=\"elementor-widget-container\">\n\t\t\t\t\t\t\t<p>BIOGRAPHIE<\/p>\t\t\t\t\t\t<\/div>\n\t\t\t\t<\/div>\n\t\t\t\t<div class=\"elementor-element elementor-element-44f41159 elementor-widget elementor-widget-text-editor\" data-id=\"44f41159\" data-element_type=\"widget\" data-widget_type=\"text-editor.default\">\n\t\t\t\t<div class=\"elementor-widget-container\">\n\t\t\t\t\t\t\t<p>PLATZHALTER<\/p>\t\t\t\t\t\t<\/div>\n\t\t\t\t<\/div>\n\t\t\t\t<\/div>\n\t\t<div class=\"elementor-element elementor-element-6617d4e0 e-con-full e-flex e-con e-child\" data-id=\"6617d4e0\" data-element_type=\"container\" data-settings=\"{&quot;content_width&quot;:&quot;full&quot;}\">\n\t\t\t\t<div class=\"elementor-element elementor-element-7ddfece5 elementor-widget elementor-widget-text-editor\" data-id=\"7ddfece5\" data-element_type=\"widget\" data-widget_type=\"text-editor.default\">\n\t\t\t\t<div class=\"elementor-widget-container\">\n\t\t\t\t\t\t\t<p>EDUARD KLABLENA<\/p>\t\t\t\t\t\t<\/div>\n\t\t\t\t<\/div>\n\t\t\t\t<div class=\"elementor-element elementor-element-623de3ac elementor-widget elementor-widget-text-editor\" data-id=\"623de3ac\" data-element_type=\"widget\" data-widget_type=\"text-editor.default\">\n\t\t\t\t<div class=\"elementor-widget-container\">\n\t\t\t\t\t\t\t<p>PLATZHALTER<\/p>\t\t\t\t\t\t<\/div>\n\t\t\t\t<\/div>\n\t\t\t\t<\/div>\n\t\t\t\t\t<\/div>\n\t\t\t\t<\/div>\n\t\t\t\t\t\t\t<\/div>\n\t\t","protected":false},"excerpt":{"rendered":"<p>KERAMIK | EDUARD KLABLENA 1881 &#8211; 1933 ein wichtiger Vertreter der Wiener Werkst\u00e4tte Bedeutung Eduard Klablena gilt als wichtiger Vertreter der Wiener Werkst\u00e4tte und wurde 1881 in Bu\u010dany, Komitat Neutra (heute Slowakei), geboren. 1883 \u00fcbersiedelte die Familie nach Langenzersdorf. Nach dem Studium an der Wiener Kunstgewerbeschule arbeitete Klablena in \u00d6sterreich und Deutschland und war Mitglied [&hellip;]<\/p>\n","protected":false},"author":1,"featured_media":0,"parent":0,"menu_order":0,"comment_status":"closed","ping_status":"closed","template":"","meta":{"footnotes":""},"_links":{"self":[{"href":"https:\/\/www.lemu.at\/index.php?rest_route=\/wp\/v2\/pages\/1813"}],"collection":[{"href":"https:\/\/www.lemu.at\/index.php?rest_route=\/wp\/v2\/pages"}],"about":[{"href":"https:\/\/www.lemu.at\/index.php?rest_route=\/wp\/v2\/types\/page"}],"author":[{"embeddable":true,"href":"https:\/\/www.lemu.at\/index.php?rest_route=\/wp\/v2\/users\/1"}],"replies":[{"embeddable":true,"href":"https:\/\/www.lemu.at\/index.php?rest_route=%2Fwp%2Fv2%2Fcomments&post=1813"}],"version-history":[{"count":37,"href":"https:\/\/www.lemu.at\/index.php?rest_route=\/wp\/v2\/pages\/1813\/revisions"}],"predecessor-version":[{"id":1852,"href":"https:\/\/www.lemu.at\/index.php?rest_route=\/wp\/v2\/pages\/1813\/revisions\/1852"}],"wp:attachment":[{"href":"https:\/\/www.lemu.at\/index.php?rest_route=%2Fwp%2Fv2%2Fmedia&parent=1813"}],"curies":[{"name":"wp","href":"https:\/\/api.w.org\/{rel}","templated":true}]}}